{"id":2390,"date":"2025-07-01T13:38:58","date_gmt":"2025-07-01T11:38:58","guid":{"rendered":"https:\/\/veracruzdemontilla.com\/?page_id=2390"},"modified":"2025-07-01T13:39:00","modified_gmt":"2025-07-01T11:39:00","slug":"presentacion-magnovcor25","status":"publish","type":"page","link":"http:\/\/veracruzdemontilla.com\/?page_id=2390","title":{"rendered":"Presentaci\u00f3n MagnoVCOR25"},"content":{"rendered":"<figure class=\"wp-block-embed is-type-video is-provider-youtube wp-block-embed-youtube wp-embed-aspect-16-9 wp-has-aspect-ratio\">\n<div class=\"wp-block-embed__wrapper\">\n<span class=\"embed-youtube\" style=\"text-align:center; display: block;\"><iframe loading=\"lazy\" class=\"youtube-player\" width=\"640\" height=\"360\" src=\"https:\/\/www.youtube.com\/embed\/m_EyTHBORrA?version=3&#038;rel=1&#038;showsearch=0&#038;showinfo=1&#038;iv_load_policy=1&#038;fs=1&#038;hl=es-ES&#038;autohide=2&#038;wmode=transparent\" allowfullscreen=\"true\" style=\"border:0;\" sandbox=\"allow-scripts allow-same-origin allow-popups allow-presentation\"><\/iframe><\/span>\n<\/div><figcaption>Presentaci\u00f3n del MagnoVCOR25 en el sal\u00f3n del trono del Palacio Episcopal 26\/06\/2025<\/figcaption><\/figure>\n","protected":false},"excerpt":{"rendered":"","protected":false},"author":1,"featured_media":0,"parent":0,"menu_order":0,"comment_status":"closed","ping_status":"closed","template":"","meta":{"advanced_seo_description":"","spay_email":""},"wpmagazine_modules_lite_featured_media_urls":{"thumbnail":"","cvmm-medium":"","cvmm-medium-plus":"","cvmm-portrait":"","cvmm-medium-square":"","cvmm-large":"","cvmm-small":"","full":""},"categories_names":null,"comments_number":"0","jetpack_sharing_enabled":true,"jetpack_shortlink":"https:\/\/wp.me\/P9INPk-Cy","jetpack_likes_enabled":true,"jetpack-related-posts":[{"id":2394,"url":"http:\/\/veracruzdemontilla.com\/?page_id=2394","url_meta":{"origin":2390,"position":0},"title":"Cartel MagnoVCOR25","date":"1 julio, 2025","format":false,"excerpt":"Autor: Rafael Laureano","rel":"","context":"Entrada similar","img":{"alt_text":"","src":"https:\/\/i0.wp.com\/veracruzdemontilla.com\/wp-content\/uploads\/2025\/06\/Cartel-anunciador.jpeg?resize=350%2C200","width":350,"height":200},"classes":[]},{"id":2392,"url":"http:\/\/veracruzdemontilla.com\/?page_id=2392","url_meta":{"origin":2390,"position":1},"title":"V\u00eddeo promocional MagnoVCOR25","date":"1 julio, 2025","format":false,"excerpt":"Realizado por La Sangre y La Gloria","rel":"","context":"Entrada similar","img":{"alt_text":"","src":"","width":0,"height":0},"classes":[]},{"id":1907,"url":"http:\/\/veracruzdemontilla.com\/?page_id=1907","url_meta":{"origin":2390,"position":2},"title":"Magno V\u00eda Crucis","date":"27 marzo, 2025","format":false,"excerpt":"C\u00f3rdoba V\u00eda Sacra de Occidente V\u00eddeo promocional MagnoVCOR25 realizado por La Sangre y La Gloria El 11 de octubre de 2025, en el marco de los actos conmemorativos del 600 aniversario de la instauraci\u00f3n del rezo del v\u00eda crucis en la Iglesia de Occidente de la mano del beato \u00c1lvaro\u2026","rel":"","context":"Entrada similar","img":{"alt_text":"","src":"https:\/\/i2.wp.com\/veracruzdemontilla.com\/wp-content\/uploads\/2025\/03\/Via-Crucis-Magno_Zacatecas.jpg?fit=960%2C1200&resize=350%2C200","width":350,"height":200},"classes":[]},{"id":211,"url":"http:\/\/veracruzdemontilla.com\/?page_id=211","url_meta":{"origin":2390,"position":3},"title":"Santa Mar\u00eda del Socorro","date":"24 julio, 2013","format":false,"excerpt":"El domingo 11 de diciembre de 2005, la parroquia de Santiago Ap\u00f3stol se visti\u00f3 de gala para acoger la solemne bendici\u00f3n de la nueva imagen de Santa Mar\u00eda del Socorro, cotitular de la Cofrad\u00eda Penitencial de la Santa Vera Cruz. En una eucarist\u00eda presidida por el can\u00f3nigo magistral de la\u2026","rel":"","context":"Entrada similar","img":{"alt_text":"","src":"https:\/\/i2.wp.com\/veracruzdemontilla.com\/wp-content\/uploads\/2025\/04\/101013147_10217375191591077_8297386502405488640_n.jpg?resize=350%2C200","width":350,"height":200},"classes":[]},{"id":1739,"url":"http:\/\/veracruzdemontilla.com\/?page_id=1739","url_meta":{"origin":2390,"position":4},"title":"El Cristo de Zacatecas, exponente del arte iberoamericano en Tornaviaje","date":"25 octubre, 2021","format":false,"excerpt":"La exposici\u00f3n Tornaviaje. Arte iberoamericano en Espa\u00f1a del Museo del Prado ha sido el marco incomparable para celebrar el 445\u00ba aniversario de la donaci\u00f3n del Santo Cristo de Zacatecas a la Cofrad\u00eda de la Vera Cruz por parte del montillano Andr\u00e9s de Mesa, fechada el 10 de septiembre de 1576.\u2026","rel":"","context":"Entrada similar","img":{"alt_text":"","src":"https:\/\/i0.wp.com\/veracruzdemontilla.com\/wp-content\/uploads\/2021\/10\/Cabecera-Tornaviaje.jpg?resize=350%2C200","width":350,"height":200},"classes":[]},{"id":227,"url":"http:\/\/veracruzdemontilla.com\/?page_id=227","url_meta":{"origin":2390,"position":5},"title":"Estaci\u00f3n de Penitencia","date":"24 julio, 2013","format":false,"excerpt":"La Estaci\u00f3n de Penitencia de la Cofrad\u00eda de la Santa Vera Cruz tiene lugar en la tarde-noche del Martes Santo, tal y como recogen sus estatutos. En ese momento, las puertas de la Iglesia parroquial de Santiago se abren al pueblo de Montilla, que se enluta bajo la imponente torre\u2026","rel":"","context":"Entrada similar","img":{"alt_text":"","src":"","width":0,"height":0},"classes":[]}],"_links":{"self":[{"href":"http:\/\/veracruzdemontilla.com\/index.php?rest_route=\/wp\/v2\/pages\/2390"}],"collection":[{"href":"http:\/\/veracruzdemontilla.com\/index.php?rest_route=\/wp\/v2\/pages"}],"about":[{"href":"http:\/\/veracruzdemontilla.com\/index.php?rest_route=\/wp\/v2\/types\/page"}],"author":[{"embeddable":true,"href":"http:\/\/veracruzdemontilla.com\/index.php?rest_route=\/wp\/v2\/users\/1"}],"replies":[{"embeddable":true,"href":"http:\/\/veracruzdemontilla.com\/index.php?rest_route=%2Fwp%2Fv2%2Fcomments&post=2390"}],"version-history":[{"count":1,"href":"http:\/\/veracruzdemontilla.com\/index.php?rest_route=\/wp\/v2\/pages\/2390\/revisions"}],"predecessor-version":[{"id":2391,"href":"http:\/\/veracruzdemontilla.com\/index.php?rest_route=\/wp\/v2\/pages\/2390\/revisions\/2391"}],"wp:attachment":[{"href":"http:\/\/veracruzdemontilla.com\/index.php?rest_route=%2Fwp%2Fv2%2Fmedia&parent=2390"}],"curies":[{"name":"wp","href":"https:\/\/api.w.org\/{rel}","templated":true}]}}