{"id":1739,"date":"2021-10-25T12:22:00","date_gmt":"2021-10-25T10:22:00","guid":{"rendered":"http:\/\/veracruzdemontilla.com\/?page_id=1739"},"modified":"2021-10-25T13:12:47","modified_gmt":"2021-10-25T11:12:47","slug":"1739-2","status":"publish","type":"page","link":"http:\/\/veracruzdemontilla.com\/?page_id=1739","title":{"rendered":"El Cristo de Zacatecas, exponente del arte iberoamericano en Tornaviaje"},"content":{"rendered":"<figure class=\"wp-block-image alignfull\"><img data-attachment-id=\"1754\" data-permalink=\"http:\/\/veracruzdemontilla.com\/?attachment_id=1754\" data-orig-file=\"https:\/\/i0.wp.com\/veracruzdemontilla.com\/wp-content\/uploads\/2021\/10\/Cabecera-Tornaviaje.jpg?fit=851%2C315\" data-orig-size=\"851,315\" data-comments-opened=\"0\" data-image-meta=\"{&quot;aperture&quot;:&quot;0&quot;,&quot;credit&quot;:&quot;&quot;,&quot;camera&quot;:&quot;&quot;,&quot;caption&quot;:&quot;&quot;,&quot;created_timestamp&quot;:&quot;0&quot;,&quot;copyright&quot;:&quot;&quot;,&quot;focal_length&quot;:&quot;0&quot;,&quot;iso&quot;:&quot;0&quot;,&quot;shutter_speed&quot;:&quot;0&quot;,&quot;title&quot;:&quot;&quot;,&quot;orientation&quot;:&quot;0&quot;}\" data-image-title=\"Cabecera-Tornaviaje\" data-image-description=\"\" data-image-caption=\"\" data-medium-file=\"https:\/\/i0.wp.com\/veracruzdemontilla.com\/wp-content\/uploads\/2021\/10\/Cabecera-Tornaviaje.jpg?fit=300%2C111\" data-large-file=\"https:\/\/i0.wp.com\/veracruzdemontilla.com\/wp-content\/uploads\/2021\/10\/Cabecera-Tornaviaje.jpg?fit=851%2C315\" loading=\"lazy\" width=\"851\" height=\"315\" src=\"https:\/\/i0.wp.com\/veracruzdemontilla.com\/wp-content\/uploads\/2021\/10\/Cabecera-Tornaviaje.jpg?resize=851%2C315\" alt=\"\" class=\"wp-image-1754\" srcset=\"https:\/\/i0.wp.com\/veracruzdemontilla.com\/wp-content\/uploads\/2021\/10\/Cabecera-Tornaviaje.jpg?w=851 851w, https:\/\/i0.wp.com\/veracruzdemontilla.com\/wp-content\/uploads\/2021\/10\/Cabecera-Tornaviaje.jpg?resize=300%2C111 300w, https:\/\/i0.wp.com\/veracruzdemontilla.com\/wp-content\/uploads\/2021\/10\/Cabecera-Tornaviaje.jpg?resize=768%2C284 768w, https:\/\/i0.wp.com\/veracruzdemontilla.com\/wp-content\/uploads\/2021\/10\/Cabecera-Tornaviaje.jpg?resize=600%2C222 600w\" sizes=\"(max-width: 851px) 100vw, 851px\" data-recalc-dims=\"1\" \/><\/figure>\n<p>La exposici\u00f3n <a href=\"https:\/\/www.museodelprado.es\/actualidad\/exposicion\/tornaviaje-arte-iberoamericano-en-espaa\/5c0fe35b-44d3-56fb-a4ba-c192aab9266c\">Tornaviaje. Arte iberoamericano en Espa\u00f1a<\/a> del Museo del Prado ha sido el marco incomparable para celebrar el 445\u00ba aniversario de la donaci\u00f3n del Santo Cristo de Zacatecas a la Cofrad\u00eda de la Vera Cruz por parte del montillano Andr\u00e9s de Mesa, fechada el 10 de septiembre de 1576. Con la participaci\u00f3n del Se\u00f1or en esta muesta de arte del per\u00edodo virreinal se pone en valor, adem\u00e1s, una obra, que, am\u00e9n de la tradici\u00f3n devocional que atesora, es una pieza art\u00edstica de singular factura hist\u00f3rica debido al sincretismo de materiales y t\u00e9cnicas, que hacen del <a href=\"https:\/\/www.eldiadecordoba.es\/provincia\/Cristo-Zacatecas-Montilla-Museo-Prado_0_1612039329.html\">Cristo de Zacatecas<\/a> una talla moldeada en ca\u00f1a de ma\u00edz, papel amate y estructura en madera de color\u00edn de las mejor conservadas y documentadas de Espa\u00f1a.<\/p>\n<p>La imagen del Se\u00f1or fue adquirido en la Ciudad de M\u00e9xico por el indiano Andr\u00e9s de Mesa, quien residi\u00f3 en el Virreinato de Nuevas Espa\u00f1a durante una d\u00e9cada, donde contrajo matrimonio con una nieta del conquistador extreme\u00f1o Hern\u00e1n Cort\u00e9s, La t\u00e9cnica de esta imagen re\u00fane f\u00f3rmulas constructivas europeas con materiales americanos. El interior blando de la ca\u00f1a de ma\u00edz, el cart\u00f3n y las maderas aut\u00f3ctonas hacen a esta pieza ligera e ideal para procesionar.<\/p>\n<div data-carousel-extra='{\"blog_id\":1,\"permalink\":\"http:\\\/\\\/veracruzdemontilla.com\\\/?page_id=1739\"}' class=\"wp-block-jetpack-tiled-gallery aligncenter is-style-columns has-rounded-corners-10\">\n<div data-carousel-extra='{\"blog_id\":1,\"permalink\":\"http:\\\/\\\/veracruzdemontilla.com\\\/?page_id=1739\"}' class=\"tiled-gallery__gallery\">\n<div data-carousel-extra='{\"blog_id\":1,\"permalink\":\"http:\\\/\\\/veracruzdemontilla.com\\\/?page_id=1739\"}' class=\"tiled-gallery__row\">\n<div data-carousel-extra='{\"blog_id\":1,\"permalink\":\"http:\\\/\\\/veracruzdemontilla.com\\\/?page_id=1739\"}' class=\"tiled-gallery__col\" style=\"flex-basis:68.59282%\">\n<figure class=\"tiled-gallery__item\"><img data-attachment-id=\"1766\" data-permalink=\"http:\/\/veracruzdemontilla.com\/?attachment_id=1766\" data-orig-file=\"https:\/\/i1.wp.com\/veracruzdemontilla.com\/wp-content\/uploads\/2021\/10\/Tornaviaje-08-1.jpg?fit=667%2C375\" data-orig-size=\"667,375\" data-comments-opened=\"0\" data-image-meta=\"{&quot;aperture&quot;:&quot;0&quot;,&quot;credit&quot;:&quot;&quot;,&quot;camera&quot;:&quot;&quot;,&quot;caption&quot;:&quot;&quot;,&quot;created_timestamp&quot;:&quot;0&quot;,&quot;copyright&quot;:&quot;&quot;,&quot;focal_length&quot;:&quot;0&quot;,&quot;iso&quot;:&quot;0&quot;,&quot;shutter_speed&quot;:&quot;0&quot;,&quot;title&quot;:&quot;&quot;,&quot;orientation&quot;:&quot;0&quot;}\" data-image-title=\"Tornaviaje-08-1\" data-image-description=\"\" data-image-caption=\"\" data-medium-file=\"https:\/\/i1.wp.com\/veracruzdemontilla.com\/wp-content\/uploads\/2021\/10\/Tornaviaje-08-1.jpg?fit=300%2C169\" data-large-file=\"https:\/\/i1.wp.com\/veracruzdemontilla.com\/wp-content\/uploads\/2021\/10\/Tornaviaje-08-1.jpg?fit=667%2C375\" data-attachment-id=\"1766\" data-permalink=\"http:\/\/veracruzdemontilla.com\/?attachment_id=1766\" data-orig-file=\"https:\/\/i1.wp.com\/veracruzdemontilla.com\/wp-content\/uploads\/2021\/10\/Tornaviaje-08-1.jpg?fit=667%2C375\" data-orig-size=\"667,375\" data-comments-opened=\"0\" data-image-meta=\"{&quot;aperture&quot;:&quot;0&quot;,&quot;credit&quot;:&quot;&quot;,&quot;camera&quot;:&quot;&quot;,&quot;caption&quot;:&quot;&quot;,&quot;created_timestamp&quot;:&quot;0&quot;,&quot;copyright&quot;:&quot;&quot;,&quot;focal_length&quot;:&quot;0&quot;,&quot;iso&quot;:&quot;0&quot;,&quot;shutter_speed&quot;:&quot;0&quot;,&quot;title&quot;:&quot;&quot;,&quot;orientation&quot;:&quot;0&quot;}\" data-image-title=\"Tornaviaje-08-1\" data-image-description=\"\" data-image-caption=\"\" data-medium-file=\"https:\/\/i1.wp.com\/veracruzdemontilla.com\/wp-content\/uploads\/2021\/10\/Tornaviaje-08-1.jpg?fit=300%2C169\" data-large-file=\"https:\/\/i1.wp.com\/veracruzdemontilla.com\/wp-content\/uploads\/2021\/10\/Tornaviaje-08-1.jpg?fit=667%2C375\" srcset=\"https:\/\/i2.wp.com\/veracruzdemontilla.com\/wp-content\/uploads\/2021\/10\/Tornaviaje-08-1.jpg?strip=info&#038;w=600 600w,https:\/\/i2.wp.com\/veracruzdemontilla.com\/wp-content\/uploads\/2021\/10\/Tornaviaje-08-1.jpg?strip=info&#038;w=667 667w\" alt=\"\" data-height=\"375\" data-id=\"1766\" data-link=\"http:\/\/veracruzdemontilla.com\/?attachment_id=1766\" data-url=\"http:\/\/veracruzdemontilla.com\/wp-content\/uploads\/2021\/10\/Tornaviaje-08-1.jpg\" data-width=\"667\" src=\"https:\/\/i2.wp.com\/veracruzdemontilla.com\/wp-content\/uploads\/2021\/10\/Tornaviaje-08-1.jpg\" data-amp-layout=\"responsive\"\/><\/figure>\n<figure class=\"tiled-gallery__item\"><img data-attachment-id=\"1755\" data-permalink=\"http:\/\/veracruzdemontilla.com\/?attachment_id=1755\" data-orig-file=\"https:\/\/i0.wp.com\/veracruzdemontilla.com\/wp-content\/uploads\/2021\/10\/Tornaviaje-0.jpeg?fit=1024%2C512\" data-orig-size=\"1024,512\" data-comments-opened=\"0\" data-image-meta=\"{&quot;aperture&quot;:&quot;0&quot;,&quot;credit&quot;:&quot;&quot;,&quot;camera&quot;:&quot;&quot;,&quot;caption&quot;:&quot;&quot;,&quot;created_timestamp&quot;:&quot;0&quot;,&quot;copyright&quot;:&quot;&quot;,&quot;focal_length&quot;:&quot;0&quot;,&quot;iso&quot;:&quot;0&quot;,&quot;shutter_speed&quot;:&quot;0&quot;,&quot;title&quot;:&quot;&quot;,&quot;orientation&quot;:&quot;0&quot;}\" data-image-title=\"Tornaviaje-0\" data-image-description=\"\" data-image-caption=\"\" data-medium-file=\"https:\/\/i0.wp.com\/veracruzdemontilla.com\/wp-content\/uploads\/2021\/10\/Tornaviaje-0.jpeg?fit=300%2C150\" data-large-file=\"https:\/\/i0.wp.com\/veracruzdemontilla.com\/wp-content\/uploads\/2021\/10\/Tornaviaje-0.jpeg?fit=1024%2C512\" data-attachment-id=\"1755\" data-permalink=\"http:\/\/veracruzdemontilla.com\/?attachment_id=1755\" data-orig-file=\"https:\/\/i0.wp.com\/veracruzdemontilla.com\/wp-content\/uploads\/2021\/10\/Tornaviaje-0.jpeg?fit=1024%2C512\" data-orig-size=\"1024,512\" data-comments-opened=\"0\" data-image-meta=\"{&quot;aperture&quot;:&quot;0&quot;,&quot;credit&quot;:&quot;&quot;,&quot;camera&quot;:&quot;&quot;,&quot;caption&quot;:&quot;&quot;,&quot;created_timestamp&quot;:&quot;0&quot;,&quot;copyright&quot;:&quot;&quot;,&quot;focal_length&quot;:&quot;0&quot;,&quot;iso&quot;:&quot;0&quot;,&quot;shutter_speed&quot;:&quot;0&quot;,&quot;title&quot;:&quot;&quot;,&quot;orientation&quot;:&quot;0&quot;}\" data-image-title=\"Tornaviaje-0\" data-image-description=\"\" data-image-caption=\"\" data-medium-file=\"https:\/\/i0.wp.com\/veracruzdemontilla.com\/wp-content\/uploads\/2021\/10\/Tornaviaje-0.jpeg?fit=300%2C150\" data-large-file=\"https:\/\/i0.wp.com\/veracruzdemontilla.com\/wp-content\/uploads\/2021\/10\/Tornaviaje-0.jpeg?fit=1024%2C512\" srcset=\"https:\/\/i1.wp.com\/veracruzdemontilla.com\/wp-content\/uploads\/2021\/10\/Tornaviaje-0.jpeg?strip=info&#038;w=600 600w,https:\/\/i1.wp.com\/veracruzdemontilla.com\/wp-content\/uploads\/2021\/10\/Tornaviaje-0.jpeg?strip=info&#038;w=900 900w,https:\/\/i1.wp.com\/veracruzdemontilla.com\/wp-content\/uploads\/2021\/10\/Tornaviaje-0.jpeg?strip=info&#038;w=1024 1024w\" alt=\"\" data-height=\"512\" data-id=\"1755\" data-link=\"http:\/\/veracruzdemontilla.com\/?attachment_id=1755\" data-url=\"http:\/\/veracruzdemontilla.com\/wp-content\/uploads\/2021\/10\/Tornaviaje-0.jpeg\" data-width=\"1024\" src=\"https:\/\/i1.wp.com\/veracruzdemontilla.com\/wp-content\/uploads\/2021\/10\/Tornaviaje-0.jpeg\" data-amp-layout=\"responsive\"\/><\/figure>\n<\/div>\n<div data-carousel-extra='{\"blog_id\":1,\"permalink\":\"http:\\\/\\\/veracruzdemontilla.com\\\/?page_id=1739\"}' class=\"tiled-gallery__col\" style=\"flex-basis:17.84234%\">\n<figure class=\"tiled-gallery__item\"><img data-attachment-id=\"1757\" data-permalink=\"http:\/\/veracruzdemontilla.com\/?attachment_id=1757\" data-orig-file=\"https:\/\/i2.wp.com\/veracruzdemontilla.com\/wp-content\/uploads\/2021\/10\/Tornaviaje-02-1.jpeg?fit=1152%2C1477\" data-orig-size=\"1152,1477\" data-comments-opened=\"0\" data-image-meta=\"{&quot;aperture&quot;:&quot;0&quot;,&quot;credit&quot;:&quot;&quot;,&quot;camera&quot;:&quot;&quot;,&quot;caption&quot;:&quot;&quot;,&quot;created_timestamp&quot;:&quot;0&quot;,&quot;copyright&quot;:&quot;&quot;,&quot;focal_length&quot;:&quot;0&quot;,&quot;iso&quot;:&quot;0&quot;,&quot;shutter_speed&quot;:&quot;0&quot;,&quot;title&quot;:&quot;&quot;,&quot;orientation&quot;:&quot;0&quot;}\" data-image-title=\"Tornaviaje-02-1\" data-image-description=\"\" data-image-caption=\"\" data-medium-file=\"https:\/\/i2.wp.com\/veracruzdemontilla.com\/wp-content\/uploads\/2021\/10\/Tornaviaje-02-1.jpeg?fit=234%2C300\" data-large-file=\"https:\/\/i2.wp.com\/veracruzdemontilla.com\/wp-content\/uploads\/2021\/10\/Tornaviaje-02-1.jpeg?fit=799%2C1024\" data-attachment-id=\"1757\" data-permalink=\"http:\/\/veracruzdemontilla.com\/?attachment_id=1757\" data-orig-file=\"https:\/\/i2.wp.com\/veracruzdemontilla.com\/wp-content\/uploads\/2021\/10\/Tornaviaje-02-1.jpeg?fit=1152%2C1477\" data-orig-size=\"1152,1477\" data-comments-opened=\"0\" data-image-meta=\"{&quot;aperture&quot;:&quot;0&quot;,&quot;credit&quot;:&quot;&quot;,&quot;camera&quot;:&quot;&quot;,&quot;caption&quot;:&quot;&quot;,&quot;created_timestamp&quot;:&quot;0&quot;,&quot;copyright&quot;:&quot;&quot;,&quot;focal_length&quot;:&quot;0&quot;,&quot;iso&quot;:&quot;0&quot;,&quot;shutter_speed&quot;:&quot;0&quot;,&quot;title&quot;:&quot;&quot;,&quot;orientation&quot;:&quot;0&quot;}\" data-image-title=\"Tornaviaje-02-1\" data-image-description=\"\" data-image-caption=\"\" data-medium-file=\"https:\/\/i2.wp.com\/veracruzdemontilla.com\/wp-content\/uploads\/2021\/10\/Tornaviaje-02-1.jpeg?fit=234%2C300\" data-large-file=\"https:\/\/i2.wp.com\/veracruzdemontilla.com\/wp-content\/uploads\/2021\/10\/Tornaviaje-02-1.jpeg?fit=799%2C1024\" srcset=\"https:\/\/i1.wp.com\/veracruzdemontilla.com\/wp-content\/uploads\/2021\/10\/Tornaviaje-02-1-799x1024.jpeg?strip=info&#038;w=600 600w,https:\/\/i1.wp.com\/veracruzdemontilla.com\/wp-content\/uploads\/2021\/10\/Tornaviaje-02-1-799x1024.jpeg?strip=info&#038;w=900 900w,https:\/\/i1.wp.com\/veracruzdemontilla.com\/wp-content\/uploads\/2021\/10\/Tornaviaje-02-1-799x1024.jpeg?strip=info&#038;w=1152 1152w\" alt=\"\" data-height=\"1477\" data-id=\"1757\" data-link=\"http:\/\/veracruzdemontilla.com\/?attachment_id=1757\" data-url=\"http:\/\/veracruzdemontilla.com\/wp-content\/uploads\/2021\/10\/Tornaviaje-02-1-799x1024.jpeg\" data-width=\"1152\" src=\"https:\/\/i1.wp.com\/veracruzdemontilla.com\/wp-content\/uploads\/2021\/10\/Tornaviaje-02-1-799x1024.jpeg\" data-amp-layout=\"responsive\"\/><\/figure>\n<figure class=\"tiled-gallery__item\"><img data-attachment-id=\"1761\" data-permalink=\"http:\/\/veracruzdemontilla.com\/?attachment_id=1761\" data-orig-file=\"https:\/\/i0.wp.com\/veracruzdemontilla.com\/wp-content\/uploads\/2021\/10\/Tornaviaje-06-1.jpeg?fit=1024%2C768\" data-orig-size=\"1024,768\" data-comments-opened=\"0\" data-image-meta=\"{&quot;aperture&quot;:&quot;0&quot;,&quot;credit&quot;:&quot;&quot;,&quot;camera&quot;:&quot;&quot;,&quot;caption&quot;:&quot;&quot;,&quot;created_timestamp&quot;:&quot;0&quot;,&quot;copyright&quot;:&quot;&quot;,&quot;focal_length&quot;:&quot;0&quot;,&quot;iso&quot;:&quot;0&quot;,&quot;shutter_speed&quot;:&quot;0&quot;,&quot;title&quot;:&quot;&quot;,&quot;orientation&quot;:&quot;0&quot;}\" data-image-title=\"Tornaviaje-06-1\" data-image-description=\"\" data-image-caption=\"\" data-medium-file=\"https:\/\/i0.wp.com\/veracruzdemontilla.com\/wp-content\/uploads\/2021\/10\/Tornaviaje-06-1.jpeg?fit=300%2C225\" data-large-file=\"https:\/\/i0.wp.com\/veracruzdemontilla.com\/wp-content\/uploads\/2021\/10\/Tornaviaje-06-1.jpeg?fit=1024%2C768\" data-attachment-id=\"1761\" data-permalink=\"http:\/\/veracruzdemontilla.com\/?attachment_id=1761\" data-orig-file=\"https:\/\/i0.wp.com\/veracruzdemontilla.com\/wp-content\/uploads\/2021\/10\/Tornaviaje-06-1.jpeg?fit=1024%2C768\" data-orig-size=\"1024,768\" data-comments-opened=\"0\" data-image-meta=\"{&quot;aperture&quot;:&quot;0&quot;,&quot;credit&quot;:&quot;&quot;,&quot;camera&quot;:&quot;&quot;,&quot;caption&quot;:&quot;&quot;,&quot;created_timestamp&quot;:&quot;0&quot;,&quot;copyright&quot;:&quot;&quot;,&quot;focal_length&quot;:&quot;0&quot;,&quot;iso&quot;:&quot;0&quot;,&quot;shutter_speed&quot;:&quot;0&quot;,&quot;title&quot;:&quot;&quot;,&quot;orientation&quot;:&quot;0&quot;}\" data-image-title=\"Tornaviaje-06-1\" data-image-description=\"\" data-image-caption=\"\" data-medium-file=\"https:\/\/i0.wp.com\/veracruzdemontilla.com\/wp-content\/uploads\/2021\/10\/Tornaviaje-06-1.jpeg?fit=300%2C225\" data-large-file=\"https:\/\/i0.wp.com\/veracruzdemontilla.com\/wp-content\/uploads\/2021\/10\/Tornaviaje-06-1.jpeg?fit=1024%2C768\" srcset=\"https:\/\/i1.wp.com\/veracruzdemontilla.com\/wp-content\/uploads\/2021\/10\/Tornaviaje-06-1.jpeg?strip=info&#038;w=600 600w,https:\/\/i1.wp.com\/veracruzdemontilla.com\/wp-content\/uploads\/2021\/10\/Tornaviaje-06-1.jpeg?strip=info&#038;w=900 900w,https:\/\/i1.wp.com\/veracruzdemontilla.com\/wp-content\/uploads\/2021\/10\/Tornaviaje-06-1.jpeg?strip=info&#038;w=1024 1024w\" alt=\"\" data-height=\"768\" data-id=\"1761\" data-link=\"http:\/\/veracruzdemontilla.com\/?attachment_id=1761\" data-url=\"http:\/\/veracruzdemontilla.com\/wp-content\/uploads\/2021\/10\/Tornaviaje-06-1.jpeg\" data-width=\"1024\" src=\"https:\/\/i1.wp.com\/veracruzdemontilla.com\/wp-content\/uploads\/2021\/10\/Tornaviaje-06-1.jpeg\" data-amp-layout=\"responsive\"\/><\/figure>\n<figure class=\"tiled-gallery__item\"><img data-attachment-id=\"1758\" data-permalink=\"http:\/\/veracruzdemontilla.com\/?attachment_id=1758\" data-orig-file=\"https:\/\/i2.wp.com\/veracruzdemontilla.com\/wp-content\/uploads\/2021\/10\/Tornaviaje-03-1.jpeg?fit=1024%2C768\" data-orig-size=\"1024,768\" data-comments-opened=\"0\" data-image-meta=\"{&quot;aperture&quot;:&quot;0&quot;,&quot;credit&quot;:&quot;&quot;,&quot;camera&quot;:&quot;&quot;,&quot;caption&quot;:&quot;&quot;,&quot;created_timestamp&quot;:&quot;0&quot;,&quot;copyright&quot;:&quot;&quot;,&quot;focal_length&quot;:&quot;0&quot;,&quot;iso&quot;:&quot;0&quot;,&quot;shutter_speed&quot;:&quot;0&quot;,&quot;title&quot;:&quot;&quot;,&quot;orientation&quot;:&quot;0&quot;}\" data-image-title=\"Tornaviaje-03-1\" data-image-description=\"\" data-image-caption=\"\" data-medium-file=\"https:\/\/i2.wp.com\/veracruzdemontilla.com\/wp-content\/uploads\/2021\/10\/Tornaviaje-03-1.jpeg?fit=300%2C225\" data-large-file=\"https:\/\/i2.wp.com\/veracruzdemontilla.com\/wp-content\/uploads\/2021\/10\/Tornaviaje-03-1.jpeg?fit=1024%2C768\" data-attachment-id=\"1758\" data-permalink=\"http:\/\/veracruzdemontilla.com\/?attachment_id=1758\" data-orig-file=\"https:\/\/i2.wp.com\/veracruzdemontilla.com\/wp-content\/uploads\/2021\/10\/Tornaviaje-03-1.jpeg?fit=1024%2C768\" data-orig-size=\"1024,768\" data-comments-opened=\"0\" data-image-meta=\"{&quot;aperture&quot;:&quot;0&quot;,&quot;credit&quot;:&quot;&quot;,&quot;camera&quot;:&quot;&quot;,&quot;caption&quot;:&quot;&quot;,&quot;created_timestamp&quot;:&quot;0&quot;,&quot;copyright&quot;:&quot;&quot;,&quot;focal_length&quot;:&quot;0&quot;,&quot;iso&quot;:&quot;0&quot;,&quot;shutter_speed&quot;:&quot;0&quot;,&quot;title&quot;:&quot;&quot;,&quot;orientation&quot;:&quot;0&quot;}\" data-image-title=\"Tornaviaje-03-1\" data-image-description=\"\" data-image-caption=\"\" data-medium-file=\"https:\/\/i2.wp.com\/veracruzdemontilla.com\/wp-content\/uploads\/2021\/10\/Tornaviaje-03-1.jpeg?fit=300%2C225\" data-large-file=\"https:\/\/i2.wp.com\/veracruzdemontilla.com\/wp-content\/uploads\/2021\/10\/Tornaviaje-03-1.jpeg?fit=1024%2C768\" srcset=\"https:\/\/i1.wp.com\/veracruzdemontilla.com\/wp-content\/uploads\/2021\/10\/Tornaviaje-03-1.jpeg?strip=info&#038;w=600 600w,https:\/\/i1.wp.com\/veracruzdemontilla.com\/wp-content\/uploads\/2021\/10\/Tornaviaje-03-1.jpeg?strip=info&#038;w=900 900w,https:\/\/i1.wp.com\/veracruzdemontilla.com\/wp-content\/uploads\/2021\/10\/Tornaviaje-03-1.jpeg?strip=info&#038;w=1024 1024w\" alt=\"\" data-height=\"768\" data-id=\"1758\" data-link=\"http:\/\/veracruzdemontilla.com\/?attachment_id=1758\" data-url=\"http:\/\/veracruzdemontilla.com\/wp-content\/uploads\/2021\/10\/Tornaviaje-03-1.jpeg\" data-width=\"1024\" src=\"https:\/\/i1.wp.com\/veracruzdemontilla.com\/wp-content\/uploads\/2021\/10\/Tornaviaje-03-1.jpeg\" data-amp-layout=\"responsive\"\/><\/figure>\n<figure class=\"tiled-gallery__item\"><img data-attachment-id=\"1760\" data-permalink=\"http:\/\/veracruzdemontilla.com\/?attachment_id=1760\" data-orig-file=\"https:\/\/i0.wp.com\/veracruzdemontilla.com\/wp-content\/uploads\/2021\/10\/Tornaviaje-05-1.jpeg?fit=1200%2C1600\" data-orig-size=\"1200,1600\" data-comments-opened=\"0\" data-image-meta=\"{&quot;aperture&quot;:&quot;0&quot;,&quot;credit&quot;:&quot;&quot;,&quot;camera&quot;:&quot;&quot;,&quot;caption&quot;:&quot;&quot;,&quot;created_timestamp&quot;:&quot;0&quot;,&quot;copyright&quot;:&quot;&quot;,&quot;focal_length&quot;:&quot;0&quot;,&quot;iso&quot;:&quot;0&quot;,&quot;shutter_speed&quot;:&quot;0&quot;,&quot;title&quot;:&quot;&quot;,&quot;orientation&quot;:&quot;0&quot;}\" data-image-title=\"Tornaviaje-05-1\" data-image-description=\"\" data-image-caption=\"\" data-medium-file=\"https:\/\/i0.wp.com\/veracruzdemontilla.com\/wp-content\/uploads\/2021\/10\/Tornaviaje-05-1.jpeg?fit=225%2C300\" data-large-file=\"https:\/\/i0.wp.com\/veracruzdemontilla.com\/wp-content\/uploads\/2021\/10\/Tornaviaje-05-1.jpeg?fit=768%2C1024\" data-attachment-id=\"1760\" data-permalink=\"http:\/\/veracruzdemontilla.com\/?attachment_id=1760\" data-orig-file=\"https:\/\/i0.wp.com\/veracruzdemontilla.com\/wp-content\/uploads\/2021\/10\/Tornaviaje-05-1.jpeg?fit=1200%2C1600\" data-orig-size=\"1200,1600\" data-comments-opened=\"0\" data-image-meta=\"{&quot;aperture&quot;:&quot;0&quot;,&quot;credit&quot;:&quot;&quot;,&quot;camera&quot;:&quot;&quot;,&quot;caption&quot;:&quot;&quot;,&quot;created_timestamp&quot;:&quot;0&quot;,&quot;copyright&quot;:&quot;&quot;,&quot;focal_length&quot;:&quot;0&quot;,&quot;iso&quot;:&quot;0&quot;,&quot;shutter_speed&quot;:&quot;0&quot;,&quot;title&quot;:&quot;&quot;,&quot;orientation&quot;:&quot;0&quot;}\" data-image-title=\"Tornaviaje-05-1\" data-image-description=\"\" data-image-caption=\"\" data-medium-file=\"https:\/\/i0.wp.com\/veracruzdemontilla.com\/wp-content\/uploads\/2021\/10\/Tornaviaje-05-1.jpeg?fit=225%2C300\" data-large-file=\"https:\/\/i0.wp.com\/veracruzdemontilla.com\/wp-content\/uploads\/2021\/10\/Tornaviaje-05-1.jpeg?fit=768%2C1024\" srcset=\"https:\/\/i1.wp.com\/veracruzdemontilla.com\/wp-content\/uploads\/2021\/10\/Tornaviaje-05-1-768x1024.jpeg?strip=info&#038;w=600 600w,https:\/\/i1.wp.com\/veracruzdemontilla.com\/wp-content\/uploads\/2021\/10\/Tornaviaje-05-1-768x1024.jpeg?strip=info&#038;w=900 900w,https:\/\/i1.wp.com\/veracruzdemontilla.com\/wp-content\/uploads\/2021\/10\/Tornaviaje-05-1-768x1024.jpeg?strip=info&#038;w=1200 1200w\" alt=\"\" data-height=\"1600\" data-id=\"1760\" data-link=\"http:\/\/veracruzdemontilla.com\/?attachment_id=1760\" data-url=\"http:\/\/veracruzdemontilla.com\/wp-content\/uploads\/2021\/10\/Tornaviaje-05-1-768x1024.jpeg\" data-width=\"1200\" src=\"https:\/\/i1.wp.com\/veracruzdemontilla.com\/wp-content\/uploads\/2021\/10\/Tornaviaje-05-1-768x1024.jpeg\" data-amp-layout=\"responsive\"\/><\/figure>\n<\/div>\n<div data-carousel-extra='{\"blog_id\":1,\"permalink\":\"http:\\\/\\\/veracruzdemontilla.com\\\/?page_id=1739\"}' class=\"tiled-gallery__col\" style=\"flex-basis:13.56483%\">\n<figure class=\"tiled-gallery__item\"><img data-attachment-id=\"1759\" data-permalink=\"http:\/\/veracruzdemontilla.com\/?attachment_id=1759\" data-orig-file=\"https:\/\/i0.wp.com\/veracruzdemontilla.com\/wp-content\/uploads\/2021\/10\/Tornaviaje-04-1.jpeg?fit=768%2C1024\" data-orig-size=\"768,1024\" data-comments-opened=\"0\" data-image-meta=\"{&quot;aperture&quot;:&quot;0&quot;,&quot;credit&quot;:&quot;&quot;,&quot;camera&quot;:&quot;&quot;,&quot;caption&quot;:&quot;&quot;,&quot;created_timestamp&quot;:&quot;0&quot;,&quot;copyright&quot;:&quot;&quot;,&quot;focal_length&quot;:&quot;0&quot;,&quot;iso&quot;:&quot;0&quot;,&quot;shutter_speed&quot;:&quot;0&quot;,&quot;title&quot;:&quot;&quot;,&quot;orientation&quot;:&quot;0&quot;}\" data-image-title=\"Tornaviaje-04-1\" data-image-description=\"\" data-image-caption=\"\" data-medium-file=\"https:\/\/i0.wp.com\/veracruzdemontilla.com\/wp-content\/uploads\/2021\/10\/Tornaviaje-04-1.jpeg?fit=225%2C300\" data-large-file=\"https:\/\/i0.wp.com\/veracruzdemontilla.com\/wp-content\/uploads\/2021\/10\/Tornaviaje-04-1.jpeg?fit=768%2C1024\" data-attachment-id=\"1759\" data-permalink=\"http:\/\/veracruzdemontilla.com\/?attachment_id=1759\" data-orig-file=\"https:\/\/i0.wp.com\/veracruzdemontilla.com\/wp-content\/uploads\/2021\/10\/Tornaviaje-04-1.jpeg?fit=768%2C1024\" data-orig-size=\"768,1024\" data-comments-opened=\"0\" data-image-meta=\"{&quot;aperture&quot;:&quot;0&quot;,&quot;credit&quot;:&quot;&quot;,&quot;camera&quot;:&quot;&quot;,&quot;caption&quot;:&quot;&quot;,&quot;created_timestamp&quot;:&quot;0&quot;,&quot;copyright&quot;:&quot;&quot;,&quot;focal_length&quot;:&quot;0&quot;,&quot;iso&quot;:&quot;0&quot;,&quot;shutter_speed&quot;:&quot;0&quot;,&quot;title&quot;:&quot;&quot;,&quot;orientation&quot;:&quot;0&quot;}\" data-image-title=\"Tornaviaje-04-1\" data-image-description=\"\" data-image-caption=\"\" data-medium-file=\"https:\/\/i0.wp.com\/veracruzdemontilla.com\/wp-content\/uploads\/2021\/10\/Tornaviaje-04-1.jpeg?fit=225%2C300\" data-large-file=\"https:\/\/i0.wp.com\/veracruzdemontilla.com\/wp-content\/uploads\/2021\/10\/Tornaviaje-04-1.jpeg?fit=768%2C1024\" srcset=\"https:\/\/i2.wp.com\/veracruzdemontilla.com\/wp-content\/uploads\/2021\/10\/Tornaviaje-04-1.jpeg?strip=info&#038;w=600 600w,https:\/\/i2.wp.com\/veracruzdemontilla.com\/wp-content\/uploads\/2021\/10\/Tornaviaje-04-1.jpeg?strip=info&#038;w=768 768w\" alt=\"\" data-height=\"1024\" data-id=\"1759\" data-link=\"http:\/\/veracruzdemontilla.com\/?attachment_id=1759\" data-url=\"http:\/\/veracruzdemontilla.com\/wp-content\/uploads\/2021\/10\/Tornaviaje-04-1.jpeg\" data-width=\"768\" src=\"https:\/\/i2.wp.com\/veracruzdemontilla.com\/wp-content\/uploads\/2021\/10\/Tornaviaje-04-1.jpeg\" data-amp-layout=\"responsive\"\/><\/figure>\n<figure class=\"tiled-gallery__item\"><img data-attachment-id=\"1762\" data-permalink=\"http:\/\/veracruzdemontilla.com\/?attachment_id=1762\" data-orig-file=\"https:\/\/i2.wp.com\/veracruzdemontilla.com\/wp-content\/uploads\/2021\/10\/Tornaviaje-07-1.jpeg?fit=908%2C1024\" data-orig-size=\"908,1024\" data-comments-opened=\"0\" data-image-meta=\"{&quot;aperture&quot;:&quot;0&quot;,&quot;credit&quot;:&quot;&quot;,&quot;camera&quot;:&quot;&quot;,&quot;caption&quot;:&quot;&quot;,&quot;created_timestamp&quot;:&quot;0&quot;,&quot;copyright&quot;:&quot;&quot;,&quot;focal_length&quot;:&quot;0&quot;,&quot;iso&quot;:&quot;0&quot;,&quot;shutter_speed&quot;:&quot;0&quot;,&quot;title&quot;:&quot;&quot;,&quot;orientation&quot;:&quot;0&quot;}\" data-image-title=\"Tornaviaje-07-1\" data-image-description=\"\" data-image-caption=\"\" data-medium-file=\"https:\/\/i2.wp.com\/veracruzdemontilla.com\/wp-content\/uploads\/2021\/10\/Tornaviaje-07-1.jpeg?fit=266%2C300\" data-large-file=\"https:\/\/i2.wp.com\/veracruzdemontilla.com\/wp-content\/uploads\/2021\/10\/Tornaviaje-07-1.jpeg?fit=908%2C1024\" data-attachment-id=\"1762\" data-permalink=\"http:\/\/veracruzdemontilla.com\/?attachment_id=1762\" data-orig-file=\"https:\/\/i2.wp.com\/veracruzdemontilla.com\/wp-content\/uploads\/2021\/10\/Tornaviaje-07-1.jpeg?fit=908%2C1024\" data-orig-size=\"908,1024\" data-comments-opened=\"0\" data-image-meta=\"{&quot;aperture&quot;:&quot;0&quot;,&quot;credit&quot;:&quot;&quot;,&quot;camera&quot;:&quot;&quot;,&quot;caption&quot;:&quot;&quot;,&quot;created_timestamp&quot;:&quot;0&quot;,&quot;copyright&quot;:&quot;&quot;,&quot;focal_length&quot;:&quot;0&quot;,&quot;iso&quot;:&quot;0&quot;,&quot;shutter_speed&quot;:&quot;0&quot;,&quot;title&quot;:&quot;&quot;,&quot;orientation&quot;:&quot;0&quot;}\" data-image-title=\"Tornaviaje-07-1\" data-image-description=\"\" data-image-caption=\"\" data-medium-file=\"https:\/\/i2.wp.com\/veracruzdemontilla.com\/wp-content\/uploads\/2021\/10\/Tornaviaje-07-1.jpeg?fit=266%2C300\" data-large-file=\"https:\/\/i2.wp.com\/veracruzdemontilla.com\/wp-content\/uploads\/2021\/10\/Tornaviaje-07-1.jpeg?fit=908%2C1024\" srcset=\"https:\/\/i1.wp.com\/veracruzdemontilla.com\/wp-content\/uploads\/2021\/10\/Tornaviaje-07-1.jpeg?strip=info&#038;w=600 600w,https:\/\/i1.wp.com\/veracruzdemontilla.com\/wp-content\/uploads\/2021\/10\/Tornaviaje-07-1.jpeg?strip=info&#038;w=900 900w,https:\/\/i1.wp.com\/veracruzdemontilla.com\/wp-content\/uploads\/2021\/10\/Tornaviaje-07-1.jpeg?strip=info&#038;w=908 908w\" alt=\"\" data-height=\"1024\" data-id=\"1762\" data-link=\"http:\/\/veracruzdemontilla.com\/?attachment_id=1762\" data-url=\"http:\/\/veracruzdemontilla.com\/wp-content\/uploads\/2021\/10\/Tornaviaje-07-1.jpeg\" data-width=\"908\" src=\"https:\/\/i1.wp.com\/veracruzdemontilla.com\/wp-content\/uploads\/2021\/10\/Tornaviaje-07-1.jpeg\" data-amp-layout=\"responsive\"\/><\/figure>\n<figure class=\"tiled-gallery__item\"><img data-attachment-id=\"1764\" data-permalink=\"http:\/\/veracruzdemontilla.com\/?attachment_id=1764\" data-orig-file=\"https:\/\/i0.wp.com\/veracruzdemontilla.com\/wp-content\/uploads\/2021\/10\/Tornaviaje-10.jpeg?fit=509%2C480\" data-orig-size=\"509,480\" data-comments-opened=\"0\" data-image-meta=\"{&quot;aperture&quot;:&quot;0&quot;,&quot;credit&quot;:&quot;&quot;,&quot;camera&quot;:&quot;&quot;,&quot;caption&quot;:&quot;&quot;,&quot;created_timestamp&quot;:&quot;0&quot;,&quot;copyright&quot;:&quot;&quot;,&quot;focal_length&quot;:&quot;0&quot;,&quot;iso&quot;:&quot;0&quot;,&quot;shutter_speed&quot;:&quot;0&quot;,&quot;title&quot;:&quot;&quot;,&quot;orientation&quot;:&quot;0&quot;}\" data-image-title=\"Tornaviaje-10\" data-image-description=\"\" data-image-caption=\"\" data-medium-file=\"https:\/\/i0.wp.com\/veracruzdemontilla.com\/wp-content\/uploads\/2021\/10\/Tornaviaje-10.jpeg?fit=300%2C283\" data-large-file=\"https:\/\/i0.wp.com\/veracruzdemontilla.com\/wp-content\/uploads\/2021\/10\/Tornaviaje-10.jpeg?fit=509%2C480\" data-attachment-id=\"1764\" data-permalink=\"http:\/\/veracruzdemontilla.com\/?attachment_id=1764\" data-orig-file=\"https:\/\/i0.wp.com\/veracruzdemontilla.com\/wp-content\/uploads\/2021\/10\/Tornaviaje-10.jpeg?fit=509%2C480\" data-orig-size=\"509,480\" data-comments-opened=\"0\" data-image-meta=\"{&quot;aperture&quot;:&quot;0&quot;,&quot;credit&quot;:&quot;&quot;,&quot;camera&quot;:&quot;&quot;,&quot;caption&quot;:&quot;&quot;,&quot;created_timestamp&quot;:&quot;0&quot;,&quot;copyright&quot;:&quot;&quot;,&quot;focal_length&quot;:&quot;0&quot;,&quot;iso&quot;:&quot;0&quot;,&quot;shutter_speed&quot;:&quot;0&quot;,&quot;title&quot;:&quot;&quot;,&quot;orientation&quot;:&quot;0&quot;}\" data-image-title=\"Tornaviaje-10\" data-image-description=\"\" data-image-caption=\"\" data-medium-file=\"https:\/\/i0.wp.com\/veracruzdemontilla.com\/wp-content\/uploads\/2021\/10\/Tornaviaje-10.jpeg?fit=300%2C283\" data-large-file=\"https:\/\/i0.wp.com\/veracruzdemontilla.com\/wp-content\/uploads\/2021\/10\/Tornaviaje-10.jpeg?fit=509%2C480\" srcset=\"https:\/\/i2.wp.com\/veracruzdemontilla.com\/wp-content\/uploads\/2021\/10\/Tornaviaje-10.jpeg?strip=info&#038;w=509 509w\" alt=\"\" data-height=\"480\" data-id=\"1764\" data-link=\"http:\/\/veracruzdemontilla.com\/?attachment_id=1764\" data-url=\"http:\/\/veracruzdemontilla.com\/wp-content\/uploads\/2021\/10\/Tornaviaje-10.jpeg\" data-width=\"509\" src=\"https:\/\/i2.wp.com\/veracruzdemontilla.com\/wp-content\/uploads\/2021\/10\/Tornaviaje-10.jpeg\" data-amp-layout=\"responsive\"\/><\/figure>\n<figure class=\"tiled-gallery__item\"><img data-attachment-id=\"1765\" data-permalink=\"http:\/\/veracruzdemontilla.com\/?attachment_id=1765\" data-orig-file=\"https:\/\/i2.wp.com\/veracruzdemontilla.com\/wp-content\/uploads\/2021\/10\/Zacatecas_Tornaviaje.jpeg?fit=777%2C1600\" data-orig-size=\"777,1600\" data-comments-opened=\"0\" data-image-meta=\"{&quot;aperture&quot;:&quot;0&quot;,&quot;credit&quot;:&quot;&quot;,&quot;camera&quot;:&quot;&quot;,&quot;caption&quot;:&quot;&quot;,&quot;created_timestamp&quot;:&quot;0&quot;,&quot;copyright&quot;:&quot;&quot;,&quot;focal_length&quot;:&quot;0&quot;,&quot;iso&quot;:&quot;0&quot;,&quot;shutter_speed&quot;:&quot;0&quot;,&quot;title&quot;:&quot;&quot;,&quot;orientation&quot;:&quot;0&quot;}\" data-image-title=\"Zacatecas_Tornaviaje\" data-image-description=\"\" data-image-caption=\"\" data-medium-file=\"https:\/\/i2.wp.com\/veracruzdemontilla.com\/wp-content\/uploads\/2021\/10\/Zacatecas_Tornaviaje.jpeg?fit=146%2C300\" data-large-file=\"https:\/\/i2.wp.com\/veracruzdemontilla.com\/wp-content\/uploads\/2021\/10\/Zacatecas_Tornaviaje.jpeg?fit=497%2C1024\" data-attachment-id=\"1765\" data-permalink=\"http:\/\/veracruzdemontilla.com\/?attachment_id=1765\" data-orig-file=\"https:\/\/i2.wp.com\/veracruzdemontilla.com\/wp-content\/uploads\/2021\/10\/Zacatecas_Tornaviaje.jpeg?fit=777%2C1600\" data-orig-size=\"777,1600\" data-comments-opened=\"0\" data-image-meta=\"{&quot;aperture&quot;:&quot;0&quot;,&quot;credit&quot;:&quot;&quot;,&quot;camera&quot;:&quot;&quot;,&quot;caption&quot;:&quot;&quot;,&quot;created_timestamp&quot;:&quot;0&quot;,&quot;copyright&quot;:&quot;&quot;,&quot;focal_length&quot;:&quot;0&quot;,&quot;iso&quot;:&quot;0&quot;,&quot;shutter_speed&quot;:&quot;0&quot;,&quot;title&quot;:&quot;&quot;,&quot;orientation&quot;:&quot;0&quot;}\" data-image-title=\"Zacatecas_Tornaviaje\" data-image-description=\"\" data-image-caption=\"\" data-medium-file=\"https:\/\/i2.wp.com\/veracruzdemontilla.com\/wp-content\/uploads\/2021\/10\/Zacatecas_Tornaviaje.jpeg?fit=146%2C300\" data-large-file=\"https:\/\/i2.wp.com\/veracruzdemontilla.com\/wp-content\/uploads\/2021\/10\/Zacatecas_Tornaviaje.jpeg?fit=497%2C1024\" srcset=\"https:\/\/i1.wp.com\/veracruzdemontilla.com\/wp-content\/uploads\/2021\/10\/Zacatecas_Tornaviaje-497x1024.jpeg?strip=info&#038;w=600 600w,https:\/\/i1.wp.com\/veracruzdemontilla.com\/wp-content\/uploads\/2021\/10\/Zacatecas_Tornaviaje-497x1024.jpeg?strip=info&#038;w=777 777w\" alt=\"\" data-height=\"1600\" data-id=\"1765\" data-link=\"http:\/\/veracruzdemontilla.com\/?attachment_id=1765\" data-url=\"http:\/\/veracruzdemontilla.com\/wp-content\/uploads\/2021\/10\/Zacatecas_Tornaviaje-497x1024.jpeg\" data-width=\"777\" src=\"https:\/\/i1.wp.com\/veracruzdemontilla.com\/wp-content\/uploads\/2021\/10\/Zacatecas_Tornaviaje-497x1024.jpeg\" data-amp-layout=\"responsive\"\/><\/figure>\n<\/div>\n<\/div>\n<\/div>\n<\/div>\n<p>\u00abEl objetivo principal de la muestra es visibilizar el elevado n\u00famero de obras de arte que, provenientes de Am\u00e9rica, se conservan en instituciones culturales, espacios religiosos o colecciones de nuestro pa\u00eds. Estas piezas, llegadas en distintos momentos de la historia, forman parte de nuestro patrimonio en la actualidad, a veces sin que identifiquemos las razones de su presencia\u00bb, seg\u00fan informa el sitio web de la exposici\u00f3n.<\/p>\n<p>La exposici\u00f3n qued\u00f3 inaugurada en la tarde del 4 de octubre de 2021 por S. M. el rey Felipe VI, quien presidi\u00f3 la visita inaugural deteni\u00e9ndose en cada una de las obras junto al comisario de la muestra, el catedr\u00e1tico de Historia del Arte de la Universidad de Granada Rafael L\u00f3pez Guzm\u00e1n. El monarca, asimismo, protagoniz\u00f3 un encuentro con los prestadores y los representantes de las instituciones colaboradoras. Previamente tuvo lugar un almuerzo en el claustro del Museo al que asisti\u00f3 una delegaci\u00f3n de nuestra Cofrad\u00eda, encabezada por nuestro hermano mayor en funciones D. Miguel Navarro M\u00e1rquez, junto con representantes de la Di\u00f3cesis de C\u00f3rdoba.<\/p>\n<div class=\"video-shortcode\"><iframe title=\"YouTube video player\" width=\"600\" height=\"350\" src=\"http:\/\/www.youtube.com\/embed\/Enter video ID (eg. Wq4Y7ztznKc)\" frameborder=\"0\" allowfullscreen><\/iframe><\/div>\n<p>La exposici\u00f3n permanece abierta desde el 5 de octubre y ser\u00e1 visitable hasta pr\u00f3ximo 13 de febrero de 2022.<\/p>\n<div data-carousel-extra='{\"blog_id\":1,\"permalink\":\"http:\\\/\\\/veracruzdemontilla.com\\\/?page_id=1739\"}' class=\"wp-block-buttons\">\n<div data-carousel-extra='{\"blog_id\":1,\"permalink\":\"http:\\\/\\\/veracruzdemontilla.com\\\/?page_id=1739\"}' class=\"wp-block-button\"><a class=\"wp-block-button__link\" href=\"https:\/\/www.montilladigital.com\/2021\/10\/el-prado-inaugura-su-exposicion-de-arte.html\">Saber m\u00e1s<\/a><\/div>\n<\/div>\n<figure class=\"wp-block-embed is-type-rich is-provider-twitter wp-block-embed-twitter\">\n<div data-carousel-extra='{\"blog_id\":1,\"permalink\":\"http:\\\/\\\/veracruzdemontilla.com\\\/?page_id=1739\"}' class=\"wp-block-embed__wrapper\">\n<blockquote class=\"twitter-tweet\" data-width=\"500\" data-dnt=\"true\">\n<p lang=\"es\" dir=\"ltr\">\u271d El Museo del Prado inaugura &#39;Tornaviaje&#39;, con el Cristo de Zacatecas de <a href=\"https:\/\/twitter.com\/hashtag\/Montilla?src=hash&amp;ref_src=twsrc%5Etfw\">#Montilla<\/a> <a href=\"https:\/\/t.co\/GFcmdYzhjd\">https:\/\/t.co\/GFcmdYzhjd<\/a><\/p>\n<p>&mdash; El D\u00eda de C\u00f3rdoba (@eldiacordoba) <a href=\"https:\/\/twitter.com\/eldiacordoba\/status\/1445314016633569281?ref_src=twsrc%5Etfw\">October 5, 2021<\/a><\/p><\/blockquote>\n<p><script async src=\"https:\/\/platform.twitter.com\/widgets.js\" charset=\"utf-8\"><\/script>\n<\/div>\n<\/figure>\n<figure class=\"wp-block-embed is-type-rich is-provider-twitter wp-block-embed-twitter\">\n<div data-carousel-extra='{\"blog_id\":1,\"permalink\":\"http:\\\/\\\/veracruzdemontilla.com\\\/?page_id=1739\"}' class=\"wp-block-embed__wrapper\">\nhttps:\/\/twitter.com\/abccordoba\/status\/1445354333999149062\n<\/div>\n<\/figure>\n<figure class=\"wp-block-embed is-type-rich is-provider-twitter wp-block-embed-twitter\">\n<div data-carousel-extra='{\"blog_id\":1,\"permalink\":\"http:\\\/\\\/veracruzdemontilla.com\\\/?page_id=1739\"}' class=\"wp-block-embed__wrapper\">\n<blockquote class=\"twitter-tweet\" data-width=\"500\" data-dnt=\"true\">\n<p lang=\"es\" dir=\"ltr\">El Museo del Prado selecciona al Cristo de Zacatecas de Montilla para una gran exposici\u00f3n sobre arte iberoamericano <a href=\"https:\/\/t.co\/dRXyvwmEQW\">https:\/\/t.co\/dRXyvwmEQW<\/a><\/p>\n<p>&mdash; Di\u00f3cesis de C\u00f3rdoba (@diocesiscordoba) <a href=\"https:\/\/twitter.com\/diocesiscordoba\/status\/1412376753440444416?ref_src=twsrc%5Etfw\">July 6, 2021<\/a><\/p><\/blockquote>\n<p><script async src=\"https:\/\/platform.twitter.com\/widgets.js\" charset=\"utf-8\"><\/script>\n<\/div>\n<\/figure>\n","protected":false},"excerpt":{"rendered":"<p>La exposici\u00f3n Tornaviaje. Arte iberoamericano en Espa\u00f1a del Museo del Prado ha sido el marco incomparable para celebrar el 445\u00ba aniversario de la donaci\u00f3n del Santo Cristo de Zacatecas a la Cofrad\u00eda de la Vera Cruz por parte del montillano Andr\u00e9s de Mesa, fechada el 10 de septiembre de 1576. Con la participaci\u00f3n del Se\u00f1or [&#038;hellip<\/p>\n","protected":false},"author":1,"featured_media":0,"parent":0,"menu_order":0,"comment_status":"closed","ping_status":"closed","template":"","meta":{"advanced_seo_description":"Tornaviaje","spay_email":""},"wpmagazine_modules_lite_featured_media_urls":{"thumbnail":"","cvmm-medium":"","cvmm-medium-plus":"","cvmm-portrait":"","cvmm-medium-square":"","cvmm-large":"","cvmm-small":"","full":""},"categories_names":null,"comments_number":"0","jetpack_sharing_enabled":true,"jetpack_shortlink":"https:\/\/wp.me\/P9INPk-s3","jetpack_likes_enabled":true,"jetpack-related-posts":[{"id":1783,"url":"http:\/\/veracruzdemontilla.com\/?page_id=1783","url_meta":{"origin":1739,"position":0},"title":"Divulgaci\u00f3n","date":"30 diciembre, 2021","format":false,"excerpt":"Pieza destacada. Seminario de Escultura Virreinal de la Universidad Nacional Aut\u00f3noma de M\u00e9xico C\u00e1psula sobre el Cristo de Zacatecas: crucificado ligero novohispano en ca\u00f1a de ma\u00edz \u00a0 Conferencia: \"Con todo lo que conlleva: la materialidad en las artes hispanoamericanas\" Conferencia impartida por Pablo Francisco Amador (Universidad Nacional Aut\u00f3noma de M\u00e9xico)\u2026","rel":"","context":"Entrada similar","img":{"alt_text":"","src":"https:\/\/i1.wp.com\/img.youtube.com\/vi\/\/0.jpg?resize=350%2C200","width":350,"height":200},"classes":[]},{"id":203,"url":"http:\/\/veracruzdemontilla.com\/?page_id=203","url_meta":{"origin":1739,"position":1},"title":"Santo Cristo de Zacatecas","date":"24 julio, 2013","format":false,"excerpt":"El Santo Cristo de Zacatecas es uno de los mejores exponentes del barroco colonial que llevaron los espa\u00f1oles a las Indias. De tama\u00f1o superior al acad\u00e9mico y con una altura de 210 cent\u00edmetros, la imagen est\u00e1 construida con una mezcla de fibras vegetales de ca\u00f1a de ma\u00edz y encolados.La imagen\u2026","rel":"","context":"Entrada similar","img":{"alt_text":"","src":"","width":0,"height":0},"classes":[]},{"id":227,"url":"http:\/\/veracruzdemontilla.com\/?page_id=227","url_meta":{"origin":1739,"position":2},"title":"Estaci\u00f3n de Penitencia","date":"24 julio, 2013","format":false,"excerpt":"La Estaci\u00f3n de Penitencia de la Cofrad\u00eda de la Santa Vera Cruz tiene lugar en la tarde-noche del Martes Santo, tal y como recogen sus estatutos. En ese momento, las puertas de la Iglesia parroquial de Santiago se abren al pueblo de Montilla, que se enluta bajo la imponente torre\u2026","rel":"","context":"Entrada similar","img":{"alt_text":"","src":"","width":0,"height":0},"classes":[]},{"id":211,"url":"http:\/\/veracruzdemontilla.com\/?page_id=211","url_meta":{"origin":1739,"position":3},"title":"Santa Mar\u00eda del Socorro","date":"24 julio, 2013","format":false,"excerpt":"El domingo 11 de diciembre de 2005, la parroquia de Santiago Ap\u00f3stol se visti\u00f3 de gala para acoger la solemne bendici\u00f3n de la nueva imagen de Santa Mar\u00eda del Socorro, cotitular de la Cofrad\u00eda Penitencial de la Santa Vera Cruz. En una eucarist\u00eda presidida por el can\u00f3nigo magistral de la\u2026","rel":"","context":"Entrada similar","img":{"alt_text":"","src":"https:\/\/i2.wp.com\/veracruzdemontilla.com\/wp-content\/uploads\/2025\/04\/101013147_10217375191591077_8297386502405488640_n.jpg?resize=350%2C200","width":350,"height":200},"classes":[]},{"id":217,"url":"http:\/\/veracruzdemontilla.com\/?page_id=217","url_meta":{"origin":1739,"position":4},"title":"Patrimonio","date":"24 julio, 2013","format":false,"excerpt":"El cortejo de la Cofrad\u00eda Penitencial de la Santa Vera Cruz se abre con la Cruz de Gu\u00eda, una pieza an\u00f3nima del siglo XVII, realizada en madera policromada y que alberga la pintura de un crucificado. Asimismo, abriendo el tramo de nazarenos, la Hermandad lleva su estandarte corporativo, realizado en\u2026","rel":"","context":"Entrada similar","img":{"alt_text":"","src":"","width":0,"height":0},"classes":[]},{"id":1907,"url":"http:\/\/veracruzdemontilla.com\/?page_id=1907","url_meta":{"origin":1739,"position":5},"title":"Magno V\u00eda Crucis","date":"27 marzo, 2025","format":false,"excerpt":"C\u00f3rdoba V\u00eda Sacra de Occidente V\u00eddeo promocional MagnoVCOR25 realizado por La Sangre y La Gloria El 11 de octubre de 2025, en el marco de los actos conmemorativos del 600 aniversario de la instauraci\u00f3n del rezo del v\u00eda crucis en la Iglesia de Occidente de la mano del beato \u00c1lvaro\u2026","rel":"","context":"Entrada similar","img":{"alt_text":"","src":"https:\/\/i2.wp.com\/veracruzdemontilla.com\/wp-content\/uploads\/2025\/03\/Via-Crucis-Magno_Zacatecas.jpg?fit=960%2C1200&resize=350%2C200","width":350,"height":200},"classes":[]}],"_links":{"self":[{"href":"http:\/\/veracruzdemontilla.com\/index.php?rest_route=\/wp\/v2\/pages\/1739"}],"collection":[{"href":"http:\/\/veracruzdemontilla.com\/index.php?rest_route=\/wp\/v2\/pages"}],"about":[{"href":"http:\/\/veracruzdemontilla.com\/index.php?rest_route=\/wp\/v2\/types\/page"}],"author":[{"embeddable":true,"href":"http:\/\/veracruzdemontilla.com\/index.php?rest_route=\/wp\/v2\/users\/1"}],"replies":[{"embeddable":true,"href":"http:\/\/veracruzdemontilla.com\/index.php?rest_route=%2Fwp%2Fv2%2Fcomments&post=1739"}],"version-history":[{"count":8,"href":"http:\/\/veracruzdemontilla.com\/index.php?rest_route=\/wp\/v2\/pages\/1739\/revisions"}],"predecessor-version":[{"id":1772,"href":"http:\/\/veracruzdemontilla.com\/index.php?rest_route=\/wp\/v2\/pages\/1739\/revisions\/1772"}],"wp:attachment":[{"href":"http:\/\/veracruzdemontilla.com\/index.php?rest_route=%2Fwp%2Fv2%2Fmedia&parent=1739"}],"curies":[{"name":"wp","href":"https:\/\/api.w.org\/{rel}","templated":true}]}}